{"id":427,"date":"2018-08-29T13:43:59","date_gmt":"2018-08-29T13:43:59","guid":{"rendered":"http:\/\/www.markt-verein.de\/wordpress\/?page_id=427"},"modified":"2026-01-12T14:51:49","modified_gmt":"2026-01-12T14:51:49","slug":"mitglieder-2","status":"publish","type":"page","link":"https:\/\/www.markt-verein.de\/wordpress\/mitglieder-2","title":{"rendered":"Mitglieder"},"content":{"rendered":"<table id=\"table3\" style=\"border-collapse: collapse;\" border=\"0\" width=\"540\">\n<tbody>\n<tr>\n<td valign=\"top\" width=\"278\"><b><span style=\"color: #666699; font-family: Tahoma; font-size: 11pt;\">G\u00fclke Photovoltaik Gbr<\/span><\/b><br \/>\n<span style=\"text-decoration: none; font-family: Tahoma;\">Hauptstra\u00dfe 4<br \/>\n31020 Salzhemmendorf<br \/>\n05153 963678<\/span><\/td>\n<td valign=\"top\" width=\"5\"><\/td>\n<td valign=\"top\" width=\"253\">\n<p class=\"MsoNormal\" style=\"margin-top: 0; margin-bottom: 0;\"><a href=\"https:\/\/www.markt-verein.de\/wordpress\/futureshop-teichmann-reder-ohg\"><span style=\"color: #666699; font-family: Tahoma;\"><b><span style=\"font-size: 11pt;\">futureshop Teichmann &amp; Reder OHG<\/span><\/b><\/span><\/a><\/p>\n<p class=\"MsoNormal\" style=\"margin-top: 0; margin-bottom: 0;\"><span style=\"font-family: Tahoma;\">Lange Stra\u00dfe 12<\/span><\/p>\n<p class=\"MsoNormal\" style=\"margin-top: 0; margin-bottom: 0;\"><span style=\"font-family: Tahoma;\">31863 Coppenbr\u00fcgge \/ Bisperode<\/span><\/p>\n<p class=\"MsoNormal\" style=\"margin-top: 0; margin-bottom: 0;\"><span style=\"font-family: Tahoma;\">05159 9707<span style=\"font-size: small; text-decoration: none;\"><br \/>\n<a href=\"http:\/\/www.futureshop.de\" target=\"_blank\" rel=\"noopener\">www.futureshop.de<\/a><\/span><\/span><\/p>\n<p class=\"MsoNormal\" style=\"margin-top: 0; margin-bottom: 0;\">\n<\/td>\n<\/tr>\n<tr>\n<td valign=\"top\" width=\"278\"><span style=\"color: #666699; font-family: Tahoma; font-size: 11pt;\"><b><a href=\"https:\/\/www.markt-verein.de\/wordpress\/hoffmann-friseur-beauty\">Hoffmann Friseur &amp; Beauty<\/a><br \/>\n<\/b><\/span><span style=\"font-family: Tahoma; text-decoration: none;\">Heerstra\u00dfe 16<\/span><span style=\"color: #666699; font-family: Tahoma; font-size: 11pt;\"><b><br \/>\n<\/b><\/span><span style=\"text-decoration: none; font-family: Tahoma;\">31020 Salzhemmendorf \/ Oldendorf<br \/>\n05153 801781 <span style=\"font-size: small;\"><br \/>\n<a style=\"text-decoration: none;\" href=\"http:\/\/www.hoffmannundhoffmann.com\" target=\"_blank\" rel=\"noopener\">www.hoffmannundhoffmann.com<\/a><\/span><\/span><\/td>\n<td valign=\"top\" width=\"5\"><\/td>\n<td valign=\"top\" width=\"253\"><span style=\"font-size: 11pt; color: #666699;\"><b><span style=\"font-family: Tahoma;\">Fu\u00dfballgolf am Humboldsee<\/span><\/b><\/span><b> <\/b><br \/>\n<span style=\"font-family: Tahoma;\">Frank Batke \/ Carsten G\u00fclke<br \/>\nHauptstra\u00dfe 4<br \/>\n31020 Salzhemmendorf<\/span><\/td>\n<\/tr>\n<tr>\n<td valign=\"top\" width=\"278\"><\/td>\n<td valign=\"top\" width=\"5\"><\/td>\n<td valign=\"top\" width=\"253\"><\/td>\n<\/tr>\n<tr>\n<td valign=\"top\" width=\"278\"><span style=\"color: #666699; font-family: Tahoma;\"><b><span style=\"font-size: 11pt;\"><a href=\"https:\/\/www.markt-verein.de\/wordpress\/hoeltysche-apotheke\">H\u00f6lty\u00b4sche Apotheke<\/a><br \/>\n<\/span><\/b><\/span><span style=\"font-family: Tahoma;\">Niederstra\u00dfe 10<br \/>\n31863 Coppenbr\u00fcgge<br \/>\n05156 337 <span style=\"font-size: small; text-decoration: none;\"><br \/>\n<a href=\"http:\/\/www.hoeltysche-apotheke.de\" target=\"_blank\" rel=\"noopener\">www.hoeltysche-apotheke.de<\/a><\/span><\/span><\/td>\n<td valign=\"top\" width=\"5\"><\/td>\n<td valign=\"top\" width=\"253\"><span style=\"font-size: 11pt; color: #666699;\"><b><span style=\"font-family: Tahoma;\"><a href=\"https:\/\/www.markt-verein.de\/wordpress\/friseur-haus-simone-schimkus\">Friseur-Haus<\/a> <\/span><\/b><\/span><br \/>\n<span style=\"text-decoration: none; font-family: Tahoma;\">Simone Schimkus<br \/>\nIn der Saaleaue<br \/>\n31020 Salzhemmendorf<br \/>\n05153 5808<\/span><\/td>\n<\/tr>\n<tr>\n<td valign=\"top\" width=\"278\"><\/td>\n<td valign=\"top\" width=\"5\"><\/td>\n<td valign=\"top\" width=\"253\"><\/td>\n<\/tr>\n<tr>\n<td valign=\"top\" width=\"278\"><span style=\"font-size: 11pt; color: #666699;\"><b><span style=\"font-family: Tahoma;\"><a href=\"https:\/\/www.markt-verein.de\/wordpress\/flora-apotheke\">Flora Apotheke<\/a><\/span><\/b><\/span> <span style=\"text-decoration: none; font-family: Tahoma;\"><br \/>\nGuido Hohage E.K.<br \/>\nHauptstra\u00dfe 28<br \/>\n31020 Salzhemmendorf<br \/>\n05153 94020 <a href=\"http:\/\/www.flora-apotheke-salzhemmendorf.de\"><br \/>\nwww.flora-apotheke-salzhemmendorf.de<\/a> <\/span><\/td>\n<td valign=\"top\" width=\"5\"><\/td>\n<td valign=\"top\" width=\"253\"><a href=\"https:\/\/www.markt-verein.de\/wordpress\/vgh-hauptvertretung\"><b><span style=\"color: #666699; font-family: Tahoma; font-size: 11pt;\">VGH Versicherungsb\u00fcro <\/span><\/b><\/a><br \/>\n<span style=\"font-family: Tahoma;\">Markus Schaper<br \/>\nHemmendorfer Stra\u00dfe 13<br \/>\n31020 Salzhemmendorf<br \/>\n05153 8000380<\/span><span style=\"font-size: small;\"><br \/>\n<a style=\"text-decoration: none;\" href=\"http:\/\/www.vgh.de\/markus.schaper\" target=\"_blank\" rel=\"noopener\">www.vgh.de\/markus.schaper<\/a><\/span><\/td>\n<\/tr>\n<tr>\n<td valign=\"top\" width=\"278\"><\/td>\n<td valign=\"top\" width=\"5\"><\/td>\n<td valign=\"top\" width=\"253\"><\/td>\n<\/tr>\n<tr>\n<td valign=\"top\" width=\"278\">\n<p class=\"MsoNormal\" style=\"margin-top: 0; margin-bottom: 0;\"><a href=\"https:\/\/www.markt-verein.de\/wordpress\/227-2\"><span style=\"color: #666699; font-family: Tahoma;\"><b><span style=\"font-size: 11pt;\">B\u00e4ckerei Bohne GmbH<\/span><\/b><\/span><\/a><\/p>\n<p class=\"MsoNormal\" style=\"margin-top: 0; margin-bottom: 0;\"><span style=\"font-family: Tahoma;\">Im Flecken 21<\/span><\/p>\n<p class=\"MsoNormal\" style=\"margin-top: 0; margin-bottom: 0;\"><span style=\"font-family: Tahoma;\">31020 Salzhemmendorf<\/span><\/p>\n<p class=\"MsoNormal\" style=\"margin-top: 0; margin-bottom: 0;\"><span style=\"font-family: Tahoma;\">05153 431<br \/>\n<a href=\"https:\/\/www.baeckerei-bohne.de\/\">www.b\u00e4ckerei-bohne.de<\/a><\/span><\/p>\n<\/td>\n<td valign=\"top\" width=\"5\"><\/td>\n<td valign=\"top\" width=\"253\"><span style=\"color: #666699; font-family: Tahoma;\"><b><span style=\"font-size: 11pt;\"><a href=\"https:\/\/www.markt-verein.de\/wordpress\/container-figna\">Container &#8211; Figna<\/a><br \/>\n<\/span><\/b><\/span><span style=\"font-family: Tahoma;\">Horst-Wilhelm Figna e.K.<br \/>\nAn der Schachtbeeke 5<br \/>\n31863 Coppenbr\u00fcgge<br \/>\n05156 7071<br \/>\n<a href=\"https:\/\/www.container-figna.de\/\">www.container-figna.de<\/a><\/span><\/td>\n<\/tr>\n<tr>\n<td valign=\"top\" width=\"278\"><span style=\"font-size: 11pt; color: #666699;\"><b><span style=\"font-family: Tahoma;\"><a href=\"https:\/\/www.markt-verein.de\/wordpress\/deister-und-weserzeitung\">Deister- und Weserzeitung <\/a>Verlagsgesellschaft mbH &amp; Co. KG<\/span><\/b><\/span><br \/>\n<span style=\"text-decoration: none; font-family: Tahoma;\">Osterstra\u00dfe 156 &#8211; 19<br \/>\n31785 Hameln<br \/>\n05151 200273<br \/>\n<a href=\"http:\/\/www.dewezet.de\">www.dewezet.de<\/a><br \/>\n<\/span><\/td>\n<td valign=\"top\" width=\"5\"><\/td>\n<td valign=\"top\" width=\"278\"><span style=\"font-size: 11pt; color: #666699;\"><b><span style=\"font-family: Tahoma;\">Heuer &amp; Sch\u00f6nberg<br \/>\nBautischlerei GmbH<\/span><\/b><\/span><br \/>\n<span style=\"font-family: Tahoma;\">Kirchgraben 12<\/span><br \/>\n<span style=\"font-family: Tahoma;\">31020 Salzhemmendorf<\/span><\/td>\n<\/tr>\n<tr>\n<td valign=\"top\" width=\"278\"><a href=\"https:\/\/www.markt-verein.de\/wordpress\/apotheke-am-rathaus\"><b><span style=\"color: #666699; font-family: Tahoma; font-size: 11pt;\">Apotheke am Rathaus<\/span><\/b><\/a><br \/>\n<span style=\"text-decoration: none; font-family: Tahoma;\">Helene Treichel<br \/>\nHauptstra\u00dfe 4b<br \/>\n31020 Salzhemmendorf<br \/>\n05153 803585<\/span> <span style=\"font-size: small;\"><br \/>\n<a style=\"text-decoration: none;\" href=\"http:\/\/www.apotheke-am-rathaus-salzhemmendorf.de\/\" target=\"_blank\" rel=\"noopener\">www.apotheke-am-rathaus-salzhemmendorf.de<\/a><\/span><\/td>\n<td valign=\"top\" width=\"5\"><\/td>\n<td valign=\"top\" width=\"278\"><a href=\"https:\/\/www.markt-verein.de\/wordpress\/apotheke-im-saaletal\"><b><span style=\"color: #666699; font-family: Tahoma; font-size: 11pt;\">Apotheke im Saaletal<\/span><\/b><\/a><br \/>\n<span style=\"text-decoration: none; font-family: Tahoma;\">Helene Treichel<br \/>\nOrtsteil Oldendorf an der B1<br \/>\n31020 Salzhemmendorf<br \/>\n05153 6204 <\/span><span style=\"font-size: small;\"><br \/>\n<a style=\"text-decoration: none;\" href=\"http:\/\/www.apotheke-am-rathaus-salzhemmendorf.de\/\" target=\"_blank\" rel=\"noopener\">www.apotheke-am-rathaus-salzhemmendorf.de<\/a><\/span><\/td>\n<\/tr>\n<tr>\n<td valign=\"top\" width=\"278\"><span style=\"font-size: 11pt; color: #666699;\"><b><span style=\"font-family: Tahoma;\"><a href=\"https:\/\/www.markt-verein.de\/wordpress\/fahrschule-trend-2\">Fahrschule Trend<\/a><\/span><\/b><\/span><br \/>\n<span style=\"text-decoration: none; font-family: Tahoma;\">Am Kaiserstra\u00dfe 86<br \/>\n31785 Hameln<span style=\"font-size: small;\"><br \/>\n05151 956675<\/span><\/span><\/td>\n<td valign=\"top\" width=\"5\"><\/td>\n<td valign=\"top\" width=\"278\"><a href=\"https:\/\/www.markt-verein.de\/wordpress\/fw-galabau\"><b><span style=\"color: #666699; font-family: Tahoma; font-size: 11pt;\">FW-Bau<\/span><\/b><\/a><br \/>\n<span style=\"text-decoration: none; font-family: Tahoma;\">Am Hagenbrink 25<br \/>\n31020 Salzhemmendorf<br \/>\n0173 2568614<span style=\"font-size: small;\"><a style=\"text-decoration: none;\" href=\"http:\/\/www.fw-galabau.de\" target=\"_blank\" rel=\"noopener\"><br \/>\nwww.fw-galabau.de<\/a><\/span><\/span><\/td>\n<\/tr>\n<tr>\n<td valign=\"top\" width=\"278\"><b><span style=\"color: #666699; font-family: Tahoma; font-size: 11pt;\"><a href=\"https:\/\/www.markt-verein.de\/wordpress\/annegret-gaertner\">Annegret G\u00e4rtner<\/a><br \/>\n<\/span><\/b><span style=\"font-family: Tahoma;\">Steuerberaterin<br \/>\nHauptstra\u00dfe 2a<br \/>\n31020 Salzhemmendorf<br \/>\n05153 8000300<span style=\"font-size: small;\"> <a href=\"http:\/\/www.steuerberaterin-gaertner.de\" target=\"_blank\" rel=\"noopener\"><br \/>\n<span style=\"text-decoration: none;\">www.steuerberaterin-gaertner.de<\/span><\/a><\/span><\/span><\/td>\n<td valign=\"top\" width=\"5\"><\/td>\n<td valign=\"top\" width=\"278\"><a href=\"https:\/\/www.markt-verein.de\/wordpress\/gall-technology\"><span style=\"font-size: 11pt; color: #666699;\"><b><span style=\"font-family: Tahoma;\">Gall Technology<\/span><\/b><\/span><\/a> GmbH &amp; Co. KG<br \/>\n<span style=\"text-decoration: none; font-family: Tahoma;\">Industriestra\u00dfe 3<br \/>\n31020 Salzhemmendorf<br \/>\n05153 960<br \/>\n<a href=\"http:\/\/www.gall-technology.de\/\">www.gall-technology.de<\/a><\/span><\/td>\n<\/tr>\n<tr>\n<td valign=\"top\" width=\"278\"><span style=\"font-size: 11pt; color: #666699;\"><b><span style=\"font-family: Tahoma;\">Fitnessstudio GYM37<\/span><\/b><\/span><br \/>\n<span style=\"font-family: Tahoma;\">Fred Staffen<\/span><span style=\"font-family: Tahoma; text-decoration: none;\"><br \/>\nOsterstra\u00dfe 37<br \/>\n31863 Coppenbr\u00fcgge\u00a0 <\/span><\/td>\n<td valign=\"top\" width=\"5\"><\/td>\n<td valign=\"top\" width=\"278\"><span style=\"color: #666699; font-family: Tahoma;\"><b><span style=\"font-size: 11pt;\"><a href=\"https:\/\/www.markt-verein.de\/wordpress\/holzbau-grupe\">Grupe Zimmerei und Holzbau<\/a><br \/>\n<\/span><\/b><\/span><span style=\"font-family: Tahoma;\"> Alte Heerstra\u00dfe 22<br \/>\n31863 Coppenbr\u00fcgge<br \/>\n05156 219<\/span><span style=\"font-family: Tahoma; font-size: small;\"><a href=\"http:\/\/www.grupe-holzbau.de\/\" target=\"_blank\" rel=\"noopener\"><br \/>\n<span style=\"text-decoration: none;\">www.grupe-holzbau.de<\/span><\/a><\/span><\/td>\n<\/tr>\n<tr>\n<td valign=\"top\" width=\"278\"><span style=\"font-size: 11pt; color: #666699;\"><b><span style=\"font-family: Tahoma;\"><a href=\"https:\/\/www.markt-verein.de\/wordpress\/hair-style\">Hair &amp; Style<\/a> by Carsten Reichstein<\/span><\/b><\/span> <span style=\"text-decoration: none; font-family: Tahoma;\"><br \/>\nHauptstra\u00dfe 2A<br \/>\n31020 Salzhemmendorf<br \/>\n05153 8025042<\/span><\/td>\n<td valign=\"top\" width=\"5\"><\/td>\n<td valign=\"top\" width=\"278\"><span style=\"color: #666699; font-family: Tahoma;\"><b><span style=\"font-size: 11pt;\"><a href=\"https:\/\/www.markt-verein.de\/wordpress\/herter-reisen-gmbh\">Herter Reisen GmbH<\/a><br \/>\n<\/span><\/b><\/span><span style=\"font-family: Tahoma;\">Hildesheimer Stra\u00dfe 6<br \/>\n31789 Hameln \/ Afferde<br \/>\n05151 9565122<\/span><span style=\"font-family: Tahoma; font-size: small;\"><a href=\"http:\/\/www.herter-reisen.de\/\" target=\"_blank\" rel=\"noopener\"><br \/>\n<span style=\"text-decoration: none;\">www.herter-reisen.de<\/span><\/a><\/span><\/td>\n<\/tr>\n<tr>\n<td valign=\"top\" width=\"278\"><span style=\"font-size: 11pt; color: #666699;\"><b><span style=\"font-family: Tahoma;\"><a href=\"https:\/\/www.markt-verein.de\/wordpress\/heuer-schoenberg-bautischlerei\">Heuer &amp; Sch\u00f6nberg Bautischlerei<\/a> <\/span><\/b><br \/>\n<\/span><span style=\"font-family: Tahoma;\">Oliver Sch\u00f6nberg<br \/>\nKirchgraben 12<br \/>\n31020 Salzhemmendorf<br \/>\n05153 5514<\/span><\/td>\n<td valign=\"top\" width=\"5\"><\/td>\n<td valign=\"top\" width=\"278\"><b><span style=\"font-family: Tahoma; font-size: 11pt; color: #666699;\">I<\/span><a href=\"https:\/\/www.markt-verein.de\/wordpress\/ith-sole-therme\"><span style=\"color: #666699; font-family: Tahoma; font-size: 11pt;\">th-Sole Therme GmbH &amp; Co. KG<\/span><\/a><br \/>\n<\/b><span style=\"text-decoration: none; font-family: Tahoma;\">In der Saale Aue<br \/>\n31020 Salzhemmendorf<br \/>\n05153 5092<br \/>\n<a href=\"https:\/\/www.ther.me\/\">www.ther.me<\/a><\/span><\/td>\n<\/tr>\n<tr>\n<td valign=\"top\" width=\"278\"><span style=\"font-size: 11pt; color: #666699;\"><b><span style=\"font-family: Tahoma;\">Hartmann Industriesoftware<\/span><\/b><\/span><br \/>\n<span style=\"text-decoration: none; font-family: Tahoma;\">Axel Hartmann<br \/>\nHagenweg 13<br \/>\n31863<\/span><span style=\"font-family: Tahoma;\"> Coppenbr\u00fcgge<\/span><\/td>\n<td valign=\"top\" width=\"5\"><\/td>\n<td valign=\"top\" width=\"278\"><span style=\"font-size: 11pt; color: #666699;\"><b><span style=\"font-family: Tahoma;\">Kanzlei Weserbergland<\/span><\/b><\/span><br \/>\n<span style=\"font-family: Tahoma; text-decoration: none;\">Hauptstra\u00dfe 12<br \/>\n31020 Salzhemmendorf<br \/>\n05153 8000502 <\/span><\/td>\n<\/tr>\n<tr>\n<td valign=\"top\" width=\"278\"><span style=\"color: #666699; font-family: Tahoma;\"><b><span style=\"font-size: 11pt;\"><a href=\"https:\/\/www.markt-verein.de\/wordpress\/malermeister-ulrich-freimann\">Malermeister<\/a><\/span><\/b><\/span><br \/>\n<span style=\"font-family: Tahoma;\">Ulrich Freimann<br \/>\nHeidestra\u00dfe 15<br \/>\n31020 Salzhemmendorf<br \/>\n05153 1269<span style=\"font-family: Tahoma; font-size: small; text-decoration: none;\"><br \/>\n<a style=\"text-decoration: none;\" href=\"http:\/\/www.freimann-malermeister.de\" target=\"_blank\" rel=\"noopener\">www.freimann-malermeister.de<\/a><\/span><\/span><\/td>\n<td valign=\"top\" width=\"5\"><\/td>\n<td valign=\"top\" width=\"278\"><span style=\"color: #666699; font-family: Tahoma;\"><b><span style=\"font-size: 11pt;\"><a href=\"https:\/\/www.markt-verein.de\/wordpress\/die-mosterei\">Die Mosterei<\/a><br \/>\n<\/span><\/b><\/span><span style=\"font-family: Tahoma;\">Olaf Seifert<br \/>\nBergstra\u00dfe 2<br \/>\n31020 Salzhemmendorf<br \/>\n05153 801824<\/span><span style=\"text-decoration: none; font-family: Tahoma; font-size: small;\"> <a href=\"http:\/\/www.diemosterei.de\/\" target=\"_blank\" rel=\"noopener\"><br \/>\n<span style=\"text-decoration: none;\">www.diemosterei.d<\/span><\/a>e<\/span><\/td>\n<\/tr>\n<tr>\n<td valign=\"top\" width=\"278\"><a href=\"https:\/\/www.markt-verein.de\/wordpress\/naturfreundehaus-lauenstein\"><span style=\"font-size: 11pt; color: #666699;\"><b><span style=\"font-family: Tahoma;\">Naturfreundehaus Lauenstein<\/span><\/b><\/span><span style=\"color: #666699; font-family: Tahoma;\"><b><span style=\"font-size: 11pt;\"><br \/>\n<\/span><\/b><\/span><\/a><span style=\"font-family: Tahoma;\">Vogelsang 53<br \/>\n31020 Salzhemmendorf<br \/>\n05153 6474<br \/>\n<span style=\"font-size: small; text-decoration: none;\"><a href=\"http:\/\/www.naturfreundehaus-lauenstein.de\" target=\"_blank\" rel=\"noopener\">www.naturfreundehaus-lauenstein.de<\/a><\/span><\/span><\/td>\n<td valign=\"top\" width=\"5\"><\/td>\n<td valign=\"top\" width=\"253\"><span style=\"color: #666699; font-family: Tahoma;\"><b><span style=\"font-size: 11pt;\"><a href=\"https:\/\/www.markt-verein.de\/wordpress\/oppermann-sanitaer-heizungsbau\">G Oppermann<\/a><br \/>\nSanit\u00e4r &amp; Heizungsbau GmbH<br \/>\n<\/span><\/b><\/span><span style=\"font-family: Tahoma;\">Industriestra\u00dfe 8 31020<br \/>\nSalzhemmendorf 05153 94040<br \/>\n<span style=\"font-size: small; text-decoration: none;\"><a href=\"http:\/\/www.oppermann-haustechnik.de\" target=\"_blank\" rel=\"noopener\">www.oppermann-haustechnik.de<\/a><\/span><\/span><\/td>\n<\/tr>\n<tr>\n<td valign=\"top\" width=\"278\"><b><span style=\"font-family: Tahoma; font-size: 11pt; color: #666699;\">C.G. Optikstudio <\/span><\/b><br \/>\n<span style=\"font-family: Tahoma;\">Christian G\u00fcnther<\/span><span style=\"text-decoration: none; font-family: Tahoma;\"><br \/>\nHauptstra\u00dfe 2a<br \/>\n31020 Salzhemmendorf<br \/>\n<\/span><\/td>\n<td valign=\"top\" width=\"5\"><\/td>\n<td valign=\"top\" width=\"253\"><a href=\"https:\/\/www.markt-verein.de\/wordpress\/profi-haussteuerung\"><span style=\"font-size: 11pt; color: #666699;\"><b><span style=\"font-family: Tahoma;\">Profi-Haussteuerung<\/span><\/b><\/span><\/a><br \/>\n<span style=\"font-family: Tahoma;\">Lutz Wedekind<\/span><span style=\"text-decoration: none; font-family: Tahoma;\"><br \/>\nAm Katzenbrink 3<br \/>\n31020 Salzhemmendorf<br \/>\n<\/span><a href=\"http:\/\/www.profi-haussteuerung.de\" target=\"_blank\" rel=\"noopener\">www.profi-haussteuerung.de<\/a><\/td>\n<\/tr>\n<tr>\n<td valign=\"top\" width=\"278\"><b><span style=\"font-family: Tahoma; font-size: 11pt; color: #666699;\">P\u00fclm Beschriftungen <\/span><\/b><br \/>\n<span style=\"text-decoration: none; font-family: Tahoma;\">Michael P\u00fclm<br \/>\nKopmannshof 69<br \/>\n31785 Hameln<br \/>\n<\/span><\/td>\n<td valign=\"top\" width=\"5\"><\/td>\n<td valign=\"top\" width=\"253\"><span style=\"font-size: 11pt; color: #666699;\"><b><span style=\"font-family: Tahoma;\">Reitanlage Stefan Remmel<\/span><\/b><\/span><br \/>\n<span style=\"font-family: Tahoma;\">Sch\u00fctzenplatz 18<\/span><br \/>\n<span style=\"font-family: Tahoma;\">31020 Salzhemmendorf<\/span><\/td>\n<\/tr>\n<tr>\n<td valign=\"top\" width=\"278\"><span style=\"font-size: 11pt; color: #666699;\"><b><span style=\"font-family: Tahoma;\">Restaurant Ratskeller<\/span><\/b><\/span><br \/>\n<span style=\"font-family: Tahoma;\">Wilhelm Renn<br \/>\nHauptstra\u00dfe 43<\/span><br \/>\n<span style=\"font-family: Tahoma;\">31020 Salzhemmendorf<\/span><\/td>\n<td valign=\"top\" width=\"5\"><\/td>\n<td valign=\"top\" width=\"253\"><a href=\"https:\/\/www.markt-verein.de\/wordpress\/saale-ith-echo\"><b><span style=\"color: #666699; font-family: Tahoma; font-size: 11pt;\">Saale-Ith-Echo<\/span><\/b><\/a><br \/>\n<span style=\"font-family: Tahoma;\">Linnenbrunnen 2<br \/>\n31020 Salzhemmendorf<\/span><br \/>\n<a href=\"http:\/\/www.saale-ith-echo.de\" target=\"_blank\" rel=\"noopener\">www.saale-ith-echo.de<\/a><\/td>\n<\/tr>\n<tr>\n<td valign=\"top\" width=\"278\"><span style=\"font-size: 11pt; color: #666699;\"><b><span style=\"font-family: Tahoma;\">SEWO GmbH &amp; Co Erste KG<\/span><\/b><\/span><br \/>\n<span style=\"text-decoration: none; font-family: Tahoma;\">Stefan Rehse<br \/>\nHamelner Stra\u00dfe 9 <\/span><br \/>\n<span style=\"font-family: Tahoma;\">37619 Bodenwerder<\/span><\/td>\n<td valign=\"top\" width=\"5\"><\/td>\n<td valign=\"top\" width=\"253\"><a href=\"https:\/\/www.markt-verein.de\/wordpress\/marc-stichnothe\"><b><span style=\"color: #666699; font-family: Tahoma; font-size: 11pt;\">Stichnothe Heizung-Sanit\u00e4r<\/span><\/b><\/a><br \/>\nHauptstra\u00dfe 35<br \/>\n31020 Salzhemmendorf<br \/>\n05153 96033<span style=\"font-family: Tahoma; font-size: small;\"><br \/>\n<a style=\"text-decoration: none;\" href=\"http:\/\/www.stichnothe.eu\" target=\"_blank\" rel=\"noopener\">www.stichnothe.eu<\/a><\/span><\/td>\n<\/tr>\n<tr>\n<td valign=\"top\" width=\"278\"><span style=\"font-size: 11pt; color: #666699;\"><b><span style=\"font-family: Tahoma;\">Sch\u00fclergenossenschaft Kanstein<\/span><\/b><\/span><br \/>\n<span style=\"text-decoration: none; font-family: Tahoma;\">Sabrina Niemeyer<br \/>\nLauensteiner Weg 24 <\/span><br \/>\n<span style=\"font-family: Tahoma;\">31020 Salzhemmendorf<\/span><\/td>\n<td valign=\"top\" width=\"5\"><\/td>\n<td valign=\"top\" width=\"253\"><span style=\"font-family: Tahoma; font-size: 11pt; color: #666699;\"><a style=\"text-decoration: none;\" href=\"https:\/\/www.markt-verein.de\/wordpress\/traumreisefabrik-by-svenja-hacker\">Traumreisefabrik by Svenja Hacker<\/a><\/span><br \/>\n<span style=\"font-family: Tahoma;\">Nordholz 2<br \/>\n31863 Coppenbr\u00fcgge \/ Marienau<br \/>\n05156 785082 <\/span><span style=\"font-family: Tahoma; font-size: small;\"><br \/>\n<a style=\"text-decoration: none;\" href=\"http:\/\/www.traumreisefabrik.com\" target=\"_blank\" rel=\"noopener\">www.traumreisefabrik.com<\/a><\/span><\/td>\n<\/tr>\n<tr>\n<td valign=\"top\" width=\"278\"><span style=\"font-size: 11pt; color: #666699;\"><b><span style=\"font-family: Tahoma;\">UKAL Arbeitssicherheit <\/span><\/b><\/span><br \/>\n<span style=\"text-decoration: none; font-family: Tahoma;\">Uwe Koch<br \/>\nAm Schwalenkamp 24<br \/>\n<\/span><span style=\"font-family: Tahoma;\">31020 Salzhemmendorf<br \/>\n05153 983047<\/span><\/td>\n<td valign=\"top\" width=\"5\"><\/td>\n<td valign=\"top\" width=\"253\"><a href=\"https:\/\/www.markt-verein.de\/wordpress\/vereinigte-lohnsteuerhilfe-e-v\"><b><span style=\"color: #666699; font-family: Tahoma; font-size: 11pt;\">Vereinigte Lohnsteuerhilfe e.V.<\/span><\/b><\/a><br \/>\n<span style=\"font-family: Tahoma;\">U<span style=\"text-decoration: none;\">we Memmeler<br \/>\nAm Brink 8<br \/>\n31863 Coppenbr\u00fcgge<br \/>\n05156 990534<\/span><\/span><\/td>\n<\/tr>\n<tr>\n<td valign=\"top\" width=\"278\"><span style=\"font-size: 11pt; color: #666699;\"><b><span style=\"font-family: Tahoma;\">VGH Versicherungen <\/span><\/b><\/span><br \/>\n<span style=\"text-decoration: none; font-family: Tahoma;\">Martin Kuczera<br \/>\nLauensteiner Weg 24 <\/span><br \/>\n<span style=\"font-family: Tahoma;\">31020 Salzhemmendorf<\/span><\/td>\n<td valign=\"top\" width=\"5\"><\/td>\n<td valign=\"top\" width=\"253\"><span style=\"font-size: 11pt; color: #666699;\"><b><span style=\"font-family: Tahoma;\">de Vries Dienstleistungen <\/span><\/b><\/span><br \/>\n<span style=\"font-family: Tahoma;\">Andreas de Vries<br \/>\nSch\u00fctzenplatzweg 5<br \/>\n31020 Salzhemmendorf<\/span><\/td>\n<\/tr>\n<tr>\n<td valign=\"top\" width=\"278\"><span style=\"font-size: 11pt; color: #666699;\"><b><span style=\"font-family: Tahoma;\">Samuel Werz<br \/>\nMarketingberatung &amp; -managment<\/span><\/b><\/span><br \/>\n<span style=\"text-decoration: none; font-family: Tahoma;\">Am Steinhof 16<br \/>\n31020 Salzhemmendorf<br \/>\n<a href=\"mailto:info@werz-marketing.de\">info@werz-marketing.de<\/a> <\/span><\/td>\n<td valign=\"top\" width=\"5\"><\/td>\n<td valign=\"top\" width=\"253\"><a href=\"https:\/\/www.markt-verein.de\/wordpress\/guenter-wecke-gmbh\"><b><span style=\"color: #666699; font-family: Tahoma; font-size: 11pt;\">G\u00fcnter Wecke GmbH<\/span><\/b><\/a><br \/>\n<span style=\"font-family: Tahoma;\">F<span style=\"text-decoration: none;\">enster &#8211; T\u00fcren &#8211; Sonnenschutz<br \/>\nLange Stra\u00dfe 27<br \/>\n31020 Salzhemmendorf<br \/>\n05186 492 <\/span><\/span> <span style=\"font-family: Tahoma; font-size: small;\"><br \/>\n<a href=\"http:\/\/www.wecke.info\" target=\"_blank\" rel=\"noopener\"><span style=\"text-decoration: none;\">www.wecke.info<\/span><\/a><\/span><\/td>\n<\/tr>\n<tr>\n<td valign=\"top\" width=\"278\"><span style=\"font-size: 11pt; color: #666699;\"><b><span style=\"font-family: Tahoma;\">Weser-Region Werbeverlag GmbH<\/span><\/b><\/span><br \/>\n<span style=\"text-decoration: none; font-family: Tahoma;\">Andree Schnebel<br \/>\nBaustra\u00dfe 44<br \/>\n31785 Hameln<br \/>\n05151 578884 <a href=\"http:\/\/www.wrw-hameln.de\"><br \/>\nwww.wrw-hameln.de<\/a> <\/span><\/td>\n<td valign=\"top\" width=\"5\"><\/td>\n<td valign=\"top\" width=\"253\"><a href=\"https:\/\/www.markt-verein.de\/wordpress\/wini-bueromoebel\"><span style=\"color: #666699; font-family: Tahoma;\"><b><span style=\"font-size: 11pt;\">Wini B\u00fcrom\u00f6bel<\/span><\/b><\/span><\/a><br \/>\n<span style=\"font-family: Tahoma;\">Georg Schmidt GmbH &amp; Co KG<br \/>\nAuhagenstra\u00dfe 79<br \/>\n31863 Coppenbr\u00fcgge \/ Marienau<br \/>\n05156 979104<\/span><span style=\"font-family: Tahoma; font-size: small;\"> <a href=\"http:\/\/www.wini.de\" target=\"_blank\" rel=\"noopener\"><br \/>\n<span style=\"text-decoration: none;\">www.wini.de<\/span><\/a><\/span><\/td>\n<\/tr>\n<tr>\n<td valign=\"top\" width=\"278\"><span style=\"font-size: 11pt; color: #666699;\"><b><span style=\"font-family: Tahoma;\">f&amp;w Werbung<\/span><\/b><\/span><br \/>\n<span style=\"font-family: Tahoma;\">Oliver Windhorst<br \/>\nVor dem Tore 8<\/span><br \/>\n<span style=\"font-family: Tahoma;\">31020 Salzhemmendorf<\/span><\/td>\n<td valign=\"top\" width=\"5\"><\/td>\n<td valign=\"top\" width=\"253\"><span style=\"font-size: 11pt; color: #666699;\"><b><span style=\"font-family: Tahoma;\">Karim Yahiaoui Freier Redner<\/span><\/b><\/span><br \/>\n<span style=\"text-decoration: none; font-family: Tahoma;\">G\u00f6rlitzer Stra\u00dfe 35 <\/span><br \/>\n<span style=\"font-family: Tahoma;\">31020 Salzhemmendorf<\/span><\/td>\n<\/tr>\n<tr>\n<td valign=\"top\" width=\"278\"><b><a href=\"https:\/\/www.markt-verein.de\/wordpress\/f-wolf-sohn-kg\">Zeitungsverlag F.Wolff &amp; Sohn KG<\/a><br \/>\n<\/b>Junkernstra\u00dfe 13<br \/>\n31028 Gronau (Leine)<br \/>\n05182 92190<br \/>\n<a href=\"http:\/\/www.leinetal24.de\/\">www.leinetal24.de<\/a><\/td>\n<td valign=\"top\" width=\"5\"><\/td>\n<td valign=\"top\" width=\"253\"><\/td>\n<\/tr>\n<tr>\n<td valign=\"top\" width=\"278\" height=\"10\"><span style=\"font-size: 11pt; color: #666699; font-family: Tahoma;\"><b><a href=\"https:\/\/www.markt-verein.de\/wordpress\/sparkasse-weserbergland\">Sparkasse Hameln-Weserbergland<\/a><br \/>\n<\/b><\/span><span style=\"font-family: Tahoma;\">Am Markt 4<br \/>\n31785 Hameln<br \/>\n05151 206 99880<br \/>\n<a href=\"http:\/\/www.spkhw.de\" target=\"_blank\" rel=\"noopener\">www.spkhw.de <\/a><br \/>\n<\/span><\/td>\n<td valign=\"top\" width=\"5\" height=\"10\"><\/td>\n<td valign=\"top\" width=\"253\" height=\"10\"><span style=\"color: #666699; font-family: Tahoma;\"><b><span style=\"font-size: 11pt;\"><a href=\"https:\/\/www.markt-verein.de\/wordpress\/volksbank-im-wesertal-eg\">Volksbank im Wesertal eG<\/a><br \/>\n<\/span><\/b><\/span><span style=\"font-family: Tahoma;\">Osterstra\u00dfe 11<br \/>\n31863 Coppenbr\u00fcgge<br \/>\n05156 783-0 <span style=\"font-size: small; text-decoration: none;\"><br \/>\n<a style=\"text-decoration: none;\" href=\"http:\/\/www.vb-iw.de\/\" target=\"_blank\" rel=\"noopener\">www.vb-iw.de<\/a><\/span><\/span><\/td>\n<\/tr>\n<tr>\n<td valign=\"top\" width=\"278\" height=\"10\"><span style=\"text-decoration: none; font-family: Tahoma;\">&#8211; Flecken Coppenbr\u00fcgge &#8211;<br \/>\nSchlo\u00dfstra\u00dfe 2<br \/>\n31863 Coppenbr\u00fcgge<br \/>\n05156 78190<br \/>\n<a href=\"http:\/\/www.coppenbr\u00fcgge.de\">www.coppenbr\u00fcgge.de<\/a><br \/>\n<\/span><\/td>\n<td valign=\"top\" width=\"5\" height=\"10\"><\/td>\n<td valign=\"top\" width=\"253\" height=\"10\"><span style=\"font-family: Tahoma;\">&#8211; Flecken Salzhemmendorf &#8211;<\/span><span style=\"text-decoration: none; font-family: Tahoma;\"><br \/>\nHauptstra\u00dfe 2<br \/>\n31020 Salzhemmendorf<br \/>\n05153 8080<br \/>\n<a href=\"https:\/\/www.salzhemmendorf.de\/\">www.salzhemmendorf.de<\/a><\/span><\/td>\n<\/tr>\n<tr>\n<td valign=\"top\" width=\"278\" height=\"10\"><span style=\"font-size: small;\">Stand 01\/2023<\/span><\/td>\n<td valign=\"top\" width=\"5\" height=\"10\"><\/td>\n<td valign=\"top\" width=\"253\" height=\"10\"><\/td>\n<\/tr>\n<\/tbody>\n<\/table>\n<p class=\"MsoNormal\" style=\"margin-top: 0; margin-bottom: 0;\" align=\"center\"><span style=\"font-family: Tahoma; font-size: small;\">M\u00f6chten Sie als Gewerbetreibender auch Mitglied im<br \/>\nMarktverein am Ith e.V. Handel . Handwerk . Gewerbe werden,<br \/>\ndann k\u00f6nnen Sie sich <a href=\"pdf\/Beitrittserklaerung-Marktverein-2017.pdf\" target=\"_blank\" rel=\"noopener\">HIER<\/a><br \/>\ndie Beitrittserkl\u00e4rung als .pdf herunterladen. <\/span><\/p>\n","protected":false},"excerpt":{"rendered":"<p>G\u00fclke Photovoltaik Gbr Hauptstra\u00dfe 4 31020 Salzhemmendorf 05153 963678 futureshop Teichmann &amp; Reder OHG Lange Stra\u00dfe 12 31863 Coppenbr\u00fcgge \/ Bisperode 05159 9707 www.futureshop.de Hoffmann Friseur &amp; Beauty Heerstra\u00dfe 16 31020 Salzhemmendorf \/ Oldendorf 05153 801781 www.hoffmannundhoffmann.com Fu\u00dfballgolf am Humboldsee &hellip; <a href=\"https:\/\/www.markt-verein.de\/wordpress\/mitglieder-2\">Weiterlesen <span class=\"meta-nav\">&rarr;<\/span><\/a><\/p>\n","protected":false},"author":1,"featured_media":0,"parent":0,"menu_order":0,"comment_status":"closed","ping_status":"closed","template":"","meta":{"footnotes":""},"class_list":["post-427","page","type-page","status-publish","hentry"],"_links":{"self":[{"href":"https:\/\/www.markt-verein.de\/wordpress\/wp-json\/wp\/v2\/pages\/427","targetHints":{"allow":["GET"]}}],"collection":[{"href":"https:\/\/www.markt-verein.de\/wordpress\/wp-json\/wp\/v2\/pages"}],"about":[{"href":"https:\/\/www.markt-verein.de\/wordpress\/wp-json\/wp\/v2\/types\/page"}],"author":[{"embeddable":true,"href":"https:\/\/www.markt-verein.de\/wordpress\/wp-json\/wp\/v2\/users\/1"}],"replies":[{"embeddable":true,"href":"https:\/\/www.markt-verein.de\/wordpress\/wp-json\/wp\/v2\/comments?post=427"}],"version-history":[{"count":43,"href":"https:\/\/www.markt-verein.de\/wordpress\/wp-json\/wp\/v2\/pages\/427\/revisions"}],"predecessor-version":[{"id":581,"href":"https:\/\/www.markt-verein.de\/wordpress\/wp-json\/wp\/v2\/pages\/427\/revisions\/581"}],"wp:attachment":[{"href":"https:\/\/www.markt-verein.de\/wordpress\/wp-json\/wp\/v2\/media?parent=427"}],"curies":[{"name":"wp","href":"https:\/\/api.w.org\/{rel}","templated":true}]}}