{"id":407,"date":"2018-05-28T10:53:21","date_gmt":"2018-05-28T10:53:21","guid":{"rendered":"http:\/\/www.markt-verein.de\/wordpress\/?page_id=407"},"modified":"2018-06-14T14:34:28","modified_gmt":"2018-06-14T14:34:28","slug":"datenschutzerklaerung","status":"publish","type":"page","link":"https:\/\/www.markt-verein.de\/wordpress\/datenschutzerklaerung","title":{"rendered":"Datenschutzerkl\u00e4rung"},"content":{"rendered":"<p class=\"MsoNormal\"><b>1. Datenschutz auf einen Blick<\/b><\/p>\n<p class=\"MsoNormal\"><b>Allgemeine Hinweise<\/b><\/p>\n<p class=\"MsoNormal\">Die folgenden Hinweise geben einen einfachen \u00dcberblick<br \/>\ndar\u00fcber, was mit Ihren personenbezogenen Daten passiert, wenn Sie unsere Website<br \/>\nbesuchen. Personenbezogene Daten sind alle Daten, mit denen Sie pers\u00f6nlich<br \/>\nidentifiziert werden k\u00f6nnen. Ausf\u00fchrliche Informationen zum Thema Datenschutz<br \/>\nentnehmen Sie unserer unter diesem Text aufgef\u00fchrten Datenschutzerkl\u00e4rung.<\/p>\n<p class=\"MsoNormal\"><b>Datenerfassung auf unserer Website<\/b><\/p>\n<p class=\"MsoNormal\"><b>Wer ist verantwortlich f\u00fcr die Datenerfassung auf dieser<br \/>\nWebsite?<\/b><\/p>\n<p class=\"MsoNormal\">Die Datenverarbeitung auf dieser Website erfolgt durch den<br \/>\nWebsitebetreiber. Dessen Kontaktdaten k\u00f6nnen Sie dem Impressum dieser Website<br \/>\nentnehmen.<\/p>\n<p class=\"MsoNormal\"><b>Wie erfassen wir Ihre Daten?<\/b><\/p>\n<p class=\"MsoNormal\">Ihre Daten werden zum einen dadurch erhoben, dass Sie uns<br \/>\ndiese per Mail oder Brief mitteilen.<\/p>\n<p class=\"MsoNormal\">Andere Daten werden automatisch beim Besuch der Website<br \/>\ndurch unsere IT-Systeme erfasst. Das sind vor allem technische Daten (z.B.<br \/>\nInternetbrowser, Betriebssystem oder Uhrzeit des Seitenaufrufs). Die Erfassung<br \/>\ndieser Daten erfolgt automatisch, sobald Sie unsere Website betreten.<\/p>\n<p class=\"MsoNormal\"><b>Wof\u00fcr nutzen wir Ihre Daten?<\/b><\/p>\n<p class=\"MsoNormal\">Ein Teil der Daten wird erhoben, um eine fehlerfreie<br \/>\nBereitstellung der Website zu gew\u00e4hrleisten. Andere Daten k\u00f6nnen zur Analyse<br \/>\nIhres Nutzerverhaltens verwendet werden.<\/p>\n<p class=\"MsoNormal\"><b>Welche Rechte haben Sie bez\u00fcglich Ihrer Daten?<\/b><\/p>\n<p class=\"MsoNormal\">Sie haben jederzeit das Recht unentgeltlich Auskunft \u00fcber<br \/>\nHerkunft, Empf\u00e4nger und Zweck Ihrer gespeicherten personenbezogenen Daten zu<br \/>\nerhalten. Sie haben au\u00dferdem ein Recht, die Berichtigung, Sperrung oder L\u00f6schung<br \/>\ndieser Daten zu verlangen. Hierzu sowie zu weiteren Fragen zum Thema Datenschutz<br \/>\nk\u00f6nnen Sie sich jederzeit unter der im Impressum angegebenen Adresse an uns<br \/>\nwenden. Des Weiteren steht Ihnen ein Beschwerderecht bei der zust\u00e4ndigen<br \/>\nAufsichtsbeh\u00f6rde zu.<\/p>\n<p class=\"MsoNormal\"><b>Analyse-Tools und Tools von Drittanbietern<\/b><\/p>\n<p class=\"MsoNormal\">Beim Besuch unserer Website kann Ihr Surf-Verhalten<br \/>\nstatistisch ausgewertet werden. Das geschieht vor allem mit Cookies und mit<br \/>\nsogenannten Analyseprogrammen. Die Analyse Ihres Surf-Verhaltens erfolgt in der<br \/>\nRegel anonym; das Surf-Verhalten kann nicht zu Ihnen zur\u00fcckverfolgt werden. Sie<br \/>\nk\u00f6nnen dieser Analyse widersprechen oder sie durch die Nichtbenutzung bestimmter<br \/>\nTools verhindern. Detaillierte Informationen dazu finden Sie in der folgenden<br \/>\nDatenschutzerkl\u00e4rung.<\/p>\n<p class=\"MsoNormal\">Sie k\u00f6nnen dieser Analyse widersprechen. \u00dcber die<br \/>\nWiderspruchsm\u00f6glichkeiten werden wir Sie in dieser Datenschutzerkl\u00e4rung<br \/>\ninformieren.<\/p>\n<p class=\"MsoNormal\"><b>2. Allgemeine Hinweise und Pflichtinformationen<\/b><\/p>\n<p class=\"MsoNormal\"><b>Datenschutz<\/b><\/p>\n<p class=\"MsoNormal\">Wir, der Markt-Verein am Ith eG. nimmt den Schutz Ihrer<br \/>\npers\u00f6nlichen Daten sehr ernst. Wir behandeln Ihre personenbezogenen Daten<br \/>\nvertraulich und entsprechend der gesetzlichen Datenschutzvorschriften sowie<br \/>\ndieser Datenschutzerkl\u00e4rung.<\/p>\n<p class=\"MsoNormal\">Wenn Sie diese Website benutzen, werden verschiedene<br \/>\npersonenbezogene Daten erhoben. Personenbezogene Daten sind Daten, mit denen Sie pers\u00f6nlich identifiziert werden k\u00f6nnen. Die vorliegende Datenschutzerkl\u00e4rung<br \/>\nerl\u00e4utert, welche Daten wir erheben und wof\u00fcr wir sie nutzen. Sie erl\u00e4utert<br \/>\nauch, wie und zu welchem Zweck das geschieht.<\/p>\n<p class=\"MsoNormal\">Wir weisen darauf hin, dass die Daten\u00fcbertragung im<br \/>\nInternet (z.B. bei der Kommunikation per E-Mail) Sicherheitsl\u00fccken aufweisen<br \/>\nkann. Ein l\u00fcckenloser Schutz der Daten vor dem Zugriff durch Dritte ist nicht<br \/>\nm\u00f6glich.<\/p>\n<p class=\"MsoNormal\"><b>Hinweis zur verantwortlichen Stelle<\/b><\/p>\n<p class=\"MsoNormal\">Die verantwortliche Stelle f\u00fcr die Datenverarbeitung auf dieser Website ist:<\/p>\n<p class=\"MsoNormal\">Marktverein am Ith e.V. Handel.Handwerk.Gewerbe<br \/>\nCarsten G\u00fchlke<br \/>\nREWE G\u00fclke OHG<br \/>\nHauptstra\u00dfe 4<br \/>\n31020 Salzhemmendorf<br \/>\nTel: 05153 963678<br \/>\nMail: <a href=\"mailto:carsten.guelke@rewe-kaufleute.com\"> carsten.guelke@rewe-kaufleute.com<\/a><\/p>\n<p class=\"MsoNormal\">Verantwortliche Stelle ist die nat\u00fcrliche oder juristische<br \/>\nPerson, die allein oder gemeinsam mit anderen \u00fcber die Zwecke und Mittel der<br \/>\nVerarbeitung von personenbezogenen Daten (z.B. Namen, E-Mail-Adressen o. \u00c4.)<br \/>\nentscheidet.<\/p>\n<p class=\"MsoNormal\"><b>Widerruf Ihrer Einwilligung zur Datenverarbeitung<\/b><\/p>\n<p class=\"MsoNormal\">Viele Datenverarbeitungsvorg\u00e4nge sind nur mit Ihrer<br \/>\nausdr\u00fccklichen Einwilligung m\u00f6glich. Sie k\u00f6nnen eine bereits erteilte<br \/>\nEinwilligung jederzeit widerrufen. Dazu reicht eine formlose Mitteilung per<br \/>\nE-Mail an uns. Die Rechtm\u00e4\u00dfigkeit der bis zum Widerruf erfolgten<br \/>\nDatenverarbeitung bleibt vom Widerruf unber\u00fchrt.<\/p>\n<p class=\"MsoNormal\"><b>Beschwerderecht bei der zust\u00e4ndigen Aufsichtsbeh\u00f6rde<\/b><\/p>\n<p class=\"MsoNormal\">Im Falle datenschutzrechtlicher Verst\u00f6\u00dfe steht dem<br \/>\nBetroffenen ein Beschwerderecht bei der zust\u00e4ndigen Aufsichtsbeh\u00f6rde zu.<br \/>\nZust\u00e4ndige Aufsichtsbeh\u00f6rde in datenschutzrechtlichen Fragen ist der<br \/>\nLandesdatenschutzbeauftragte des Bundeslandes, in dem unser Unternehmen seinen<br \/>\nSitz hat. Eine Liste der Datenschutzbeauftragten sowie deren Kontaktdaten k\u00f6nnen<br \/>\nfolgendem Link entnommen werden:\u00a0<a style=\"color: blue; text-decoration: underline; text-underline: single;\" href=\"https:\/\/www.bfdi.bund.de\/DE\/Infothek\/Anschriften_Links\/anschriften_links-node.html\" target=\"_blank\" rel=\"noopener\"><br \/>\nhttps:\/\/www.bfdi.bund.de\/DE\/Infothek\/Anschriften_Links\/anschriften_links-node.html<\/a>.<\/p>\n<p class=\"MsoNormal\"><b>Recht auf Daten\u00fcbertragbarkeit<\/b><\/p>\n<p class=\"MsoNormal\">Sie haben das Recht, Daten, die wir auf Grundlage Ihrer<br \/>\nEinwilligung oder in Erf\u00fcllung eines Vertrags automatisiert verarbeiten, an sich<br \/>\noder an einen Dritten in einem g\u00e4ngigen, maschinenlesbaren Format aush\u00e4ndigen zu<br \/>\nlassen. Sofern Sie die direkte \u00dcbertragung der Daten an einen anderen<br \/>\nVerantwortlichen verlangen, erfolgt dies nur, soweit es technisch machbar ist.<\/p>\n<p class=\"MsoNormal\"><b>SSL- bzw. TLS-Verschl\u00fcsselung<\/b><\/p>\n<p class=\"MsoNormal\">Diese Seite nutzt aus Sicherheitsgr\u00fcnden und zum Schutz der<br \/>\n\u00dcbertragung vertraulicher Inhalte, wie zum Beispiel Bestellungen oder Anfragen,<br \/>\ndie Sie an uns als Seitenbetreiber senden, eine SSL-bzw. TLS-Verschl\u00fcsselung.<br \/>\nEine verschl\u00fcsselte Verbindung erkennen Sie daran, dass die Adresszeile des<br \/>\nBrowsers von \u201chttp:\/\/\u201d auf \u201chttps:\/\/\u201d wechselt und an dem Schloss-Symbol in<br \/>\nIhrer Browserzeile.<\/p>\n<p class=\"MsoNormal\">Wenn die SSL- bzw. TLS-Verschl\u00fcsselung aktiviert ist,<br \/>\nk\u00f6nnen die Daten, die Sie an uns \u00fcbermitteln, nicht von Dritten mitgelesen<br \/>\nwerden.<\/p>\n<p class=\"MsoNormal\"><b>3. Datenerfassung auf unserer Website<\/b><\/p>\n<p class=\"MsoNormal\"><b>Cookies<\/b><\/p>\n<p class=\"MsoNormal\">Die Internetseiten verwenden teilweise so genannte Cookies.<br \/>\nCookies richten auf Ihrem Rechner keinen Schaden an und enthalten keine Viren.<br \/>\nCookies dienen dazu, unser Angebot nutzerfreundlicher, effektiver und sicherer<br \/>\nzu machen. Cookies sind kleine Textdateien, die auf Ihrem Rechner abgelegt<br \/>\nwerden und die Ihr Browser speichert.<\/p>\n<p class=\"MsoNormal\">Die meisten der von uns verwendeten Cookies sind so<br \/>\ngenannte \u201cSession-Cookies\u201d. Sie werden nach Ende Ihres Besuchs automatisch<br \/>\ngel\u00f6scht. Andere Cookies bleiben auf Ihrem Endger\u00e4t gespeichert bis Sie diese<br \/>\nl\u00f6schen. Diese Cookies erm\u00f6glichen es uns, Ihren Browser beim n\u00e4chsten Besuch<br \/>\nwiederzuerkennen.<\/p>\n<p class=\"MsoNormal\">Sie k\u00f6nnen Ihren Browser so einstellen, dass Sie \u00fcber das<br \/>\nSetzen von Cookies informiert werden und Cookies nur im Einzelfall erlauben, die<br \/>\nAnnahme von Cookies f\u00fcr bestimmte F\u00e4lle oder generell ausschlie\u00dfen sowie das<br \/>\nautomatische L\u00f6schen der Cookies beim Schlie\u00dfen des Browser aktivieren. Bei der<br \/>\nDeaktivierung von Cookies kann die Funktionalit\u00e4t dieser Website eingeschr\u00e4nkt<br \/>\nsein.<\/p>\n<p class=\"MsoNormal\">Cookies, die zur Durchf\u00fchrung des elektronischen<br \/>\nKommunikationsvorgangs oder zur Bereitstellung bestimmter, von Ihnen erw\u00fcnschter<br \/>\nFunktionen (z.B. Warenkorbfunktion) erforderlich sind, werden auf Grundlage von<br \/>\nArt. 6 Abs. 1 lit. f DSGVO gespeichert. Der Websitebetreiber hat ein<br \/>\nberechtigtes Interesse an der Speicherung von Cookies zur technisch fehlerfreien<br \/>\nund optimierten Bereitstellung seiner Dienste. Soweit andere Cookies (z.B.<br \/>\nCookies zur Analyse Ihres Surfverhaltens) gespeichert werden, werden diese in<br \/>\ndieser Datenschutzerkl\u00e4rung gesondert behandelt.<\/p>\n<p class=\"MsoNormal\"><b>4. Analyse Tools und Werbung<\/b><\/p>\n<p class=\"MsoNormal\"><b>Google Analytics<\/b><\/p>\n<p class=\"MsoNormal\">Diese Website nutzt Funktionen des Webanalysedienstes<br \/>\nGoogle Analytics. <span lang=\"EN-US\">Anbieter ist die Google Inc., 1600<br \/>\nAmphitheatre Parkway, Mountain View, CA 94043, USA.<\/span><\/p>\n<p class=\"MsoNormal\">Google Analytics verwendet so genannte &#8222;Cookies&#8220;. Das sind<br \/>\nTextdateien, die auf Ihrem Computer gespeichert werden und die eine Analyse der<br \/>\nBenutzung der Website durch Sie erm\u00f6glichen. Die durch den Cookie erzeugten<br \/>\nInformationen \u00fcber Ihre Benutzung dieser Website werden in der Regel an einen<br \/>\nServer von Google in den USA \u00fcbertragen und dort gespeichert.<\/p>\n<p class=\"MsoNormal\">Die Speicherung von Google-Analytics-Cookies erfolgt auf<br \/>\nGrundlage von Art. 6 Abs. 1 lit. f DSGVO. Der Websitebetreiber hat ein<br \/>\nberechtigtes Interesse an der Analyse des Nutzerverhaltens, um sowohl sein<br \/>\nWebangebot als auch seine Werbung zu optimieren.<\/p>\n<p>Google Web Fonts<\/p>\n<p>Diese Seite nutzt zur einheitlichen Darstellung von Schriftarten so genannte Web Fonts, die von Google bereitgestellt werden. Beim Aufruf einer Seite l\u00e4dt Ihr Browser die ben\u00f6tigten Web Fonts in ihren Browsercache, um Texte und Schriftarten korrekt anzuzeigen.<\/p>\n<p>Zu diesem Zweck muss der von Ihnen verwendete Browser Verbindung zu den Servern von Google aufnehmen. Hierdurch erlangt Google Kenntnis dar\u00fcber, dass \u00fcber Ihre IP-Adresse unsere Website aufgerufen wurde. Die Nutzung von Google Web Fonts erfolgt im Interesse einer einheitlichen und ansprechenden Darstellung unserer Online-Angebote. Dies stellt ein berechtigtes Interesse im Sinne von Art. 6 Abs. 1 lit. f DSGVO dar.<\/p>\n<p>Wenn Ihr Browser Web Fonts nicht unterst\u00fctzt, wird eine Standardschrift von Ihrem Computer genutzt.<\/p>\n<p class=\"MsoNormal\"><b>Browser Plugin<\/b><\/p>\n<p class=\"MsoNormal\">Sie k\u00f6nnen die Speicherung der Cookies durch eine<br \/>\nentsprechende Einstellung Ihrer Browser-Software verhindern; wir weisen Sie<br \/>\njedoch darauf hin, dass Sie in diesem Fall gegebenenfalls nicht s\u00e4mtliche<br \/>\nFunktionen dieser Website vollumf\u00e4nglich werden nutzen k\u00f6nnen. Sie k\u00f6nnen<br \/>\ndar\u00fcber hinaus die Erfassung der durch den Cookie erzeugten und auf Ihre Nutzung<br \/>\nder Website bezogenen Daten (inkl. Ihrer IP-Adresse) an Google sowie die<br \/>\nVerarbeitung dieser Daten durch Google verhindern, indem Sie das unter dem<br \/>\nfolgenden Link verf\u00fcgbare Browser-Plugin herunterladen und installieren:<br \/>\n<a style=\"color: blue; text-decoration: underline; text-underline: single;\" href=\"https:\/\/tools.google.com\/dlpage\/gaoptout?hl=de\" target=\"_blank\" rel=\"noopener\">https:\/\/tools.google.com\/dlpage\/gaoptout?hl=de<\/a>.<\/p>\n<p class=\"MsoNormal\"><b>Widerspruch gegen Datenerfassung<\/b><\/p>\n<p class=\"MsoNormal\">Sie k\u00f6nnen die Erfassung Ihrer Daten durch Google Analytics<br \/>\nverhindern, indem Sie auf folgenden Link klicken. Es wird ein Opt-Out-Cookie<br \/>\ngesetzt, der die Erfassung Ihrer Daten bei zuk\u00fcnftigen Besuchen dieser Website<br \/>\nverhindert: <a style=\"color: blue; text-decoration: underline; text-underline: single;\">Google Analytics deaktivieren<\/a>.<\/p>\n<p class=\"MsoNormal\">Mehr Informationen zum Umgang mit Nutzerdaten bei Google<br \/>\nAnalytics finden Sie in der Datenschutzerkl\u00e4rung von Google:<br \/>\n<a style=\"color: blue; text-decoration: underline; text-underline: single;\" href=\"https:\/\/support.google.com\/analytics\/answer\/6004245?hl=de\" target=\"_blank\" rel=\"noopener\">https:\/\/support.google.com\/analytics\/answer\/6004245?hl=de<\/a>.<\/p>\n<p class=\"MsoNormal\"><b>5. Datensicherheit<\/b><\/p>\n<p class=\"MsoNormal\">Wir sind um die Sicherheit Ihrer Daten im Rahmen der<br \/>\ngeltenden Datenschutzgesetze und technischen M\u00f6glichkeiten maximal bem\u00fcht.<br \/>\nZur Sicherung Ihrer Daten unterhalten wir technische und organisatorische<br \/>\nSicherungsma\u00dfnahmen entsprechend Art. 32 DSGVO, die wir immer wieder dem Stand<br \/>\nder Technik anpassen.<br \/>\nWir gew\u00e4hrleisten au\u00dferdem nicht, dass unsere Internetpr\u00e4senz zu bestimmten<br \/>\nZeiten zur Verf\u00fcgung steht; St\u00f6rungen, Unterbrechungen oder Ausf\u00e4lle k\u00f6nnen<br \/>\nnicht ausgeschlossen werden.<\/p>\n<p class=\"MsoNormal\"><b>6. Weitergabe von Daten an Dritte, keine Daten\u00fcbertragung ins Nicht-EU-Ausland<\/b><\/p>\n<p class=\"MsoNormal\">Grunds\u00e4tzlich verwenden wir Ihre personenbezogenen Daten<br \/>\nnur innerhalb unseres Unternehmens.<\/p>\n<p class=\"MsoNormal\">Wenn und soweit wir Dritte im Rahmen der Erf\u00fcllung von<br \/>\nVertr\u00e4gen einschalten, erhalten diese personenbezogene Daten nur in dem Umfang,<br \/>\nin welchem die \u00dcbermittlung f\u00fcr die entsprechende Leistung erforderlich ist.<\/p>\n<p class=\"MsoNormal\">F\u00fcr den Fall, dass wir bestimmte Teile der<br \/>\nDatenverarbeitung auslagern (\u201eAuftragsverarbeitung\u201c), verpflichten wir<br \/>\nAuftragsverarbeiter vertraglich dazu, personenbezogene Daten nur im Einklang mit<br \/>\nden Anforderungen der Datenschutzgesetze zu verwenden und den Schutz der Rechte<br \/>\nder betroffenen Person zu gew\u00e4hrleisten.<\/p>\n<p class=\"MsoNormal\">Eine Daten\u00fcbertragung an Stellen oder Personen au\u00dferhalb<br \/>\nder EU au\u00dferhalb der in dieser Erkl\u00e4rung genannten F\u00e4llen findet nicht statt und<br \/>\nist nicht geplant.<\/p>\n<p class=\"MsoNormal\"><b>7. \u00c4nderungen der Datenschutzerkl\u00e4rung<\/b><\/p>\n<p class=\"MsoNormal\">Wir behalten uns vor, die Datenschutzerkl\u00e4rung zu \u00e4ndern,<br \/>\num sie an ge\u00e4nderte Rechtslagen, oder bei \u00c4nderungen des Dienstes sowie der<br \/>\nDatenverarbeitung anzupassen. Dies gilt jedoch nur im Hinblick auf Erkl\u00e4rungen<br \/>\nzur Datenverarbeitung. Sofern Einwilligungen der Nutzer erforderlich sind oder<br \/>\nBestandteile der Datenschutzerkl\u00e4rung Regelungen des Vertragsverh\u00e4ltnisses mit<br \/>\nden Nutzern enthalten, erfolgen die \u00c4nderungen nur mit Zustimmung der Nutzer.<\/p>\n<p class=\"MsoNormal\">Die Nutzer werden gebeten sich regelm\u00e4\u00dfig \u00fcber den Inhalt<br \/>\nder Datenschutzerkl\u00e4rung zu informieren<\/p>\n","protected":false},"excerpt":{"rendered":"<p>1. Datenschutz auf einen Blick Allgemeine Hinweise Die folgenden Hinweise geben einen einfachen \u00dcberblick dar\u00fcber, was mit Ihren personenbezogenen Daten passiert, wenn Sie unsere Website besuchen. Personenbezogene Daten sind alle Daten, mit denen Sie pers\u00f6nlich identifiziert werden k\u00f6nnen. Ausf\u00fchrliche Informationen &hellip; <a href=\"https:\/\/www.markt-verein.de\/wordpress\/datenschutzerklaerung\">Weiterlesen <span class=\"meta-nav\">&rarr;<\/span><\/a><\/p>\n","protected":false},"author":1,"featured_media":0,"parent":0,"menu_order":0,"comment_status":"closed","ping_status":"closed","template":"","meta":{"footnotes":""},"class_list":["post-407","page","type-page","status-publish","hentry"],"_links":{"self":[{"href":"https:\/\/www.markt-verein.de\/wordpress\/wp-json\/wp\/v2\/pages\/407","targetHints":{"allow":["GET"]}}],"collection":[{"href":"https:\/\/www.markt-verein.de\/wordpress\/wp-json\/wp\/v2\/pages"}],"about":[{"href":"https:\/\/www.markt-verein.de\/wordpress\/wp-json\/wp\/v2\/types\/page"}],"author":[{"embeddable":true,"href":"https:\/\/www.markt-verein.de\/wordpress\/wp-json\/wp\/v2\/users\/1"}],"replies":[{"embeddable":true,"href":"https:\/\/www.markt-verein.de\/wordpress\/wp-json\/wp\/v2\/comments?post=407"}],"version-history":[{"count":6,"href":"https:\/\/www.markt-verein.de\/wordpress\/wp-json\/wp\/v2\/pages\/407\/revisions"}],"predecessor-version":[{"id":419,"href":"https:\/\/www.markt-verein.de\/wordpress\/wp-json\/wp\/v2\/pages\/407\/revisions\/419"}],"wp:attachment":[{"href":"https:\/\/www.markt-verein.de\/wordpress\/wp-json\/wp\/v2\/media?parent=407"}],"curies":[{"name":"wp","href":"https:\/\/api.w.org\/{rel}","templated":true}]}}