{"id":21,"date":"2015-09-02T08:25:32","date_gmt":"2015-09-02T08:25:32","guid":{"rendered":"http:\/\/markt-verein.de\/wordpress\/?page_id=21"},"modified":"2025-06-19T07:36:58","modified_gmt":"2025-06-19T07:36:58","slug":"impressum","status":"publish","type":"page","link":"https:\/\/www.markt-verein.de\/wordpress\/impressum","title":{"rendered":"Impressum"},"content":{"rendered":"<p><b><span style=\"color: #666699; font-family: Tahoma;\">Impressum<\/span><\/b><\/p>\n<p align=\"left\"><span style=\"font-family: Arial, Helvetica, sans-serif; font-size: small;\"> Inhaltliche Verantwortung:<\/span><\/p>\n<ul>\n<li><span style=\"color: #000000; font-family: Arial, Helvetica, sans-serif; font-size: small;\">Marktverein am Ith e.V. Handel.Handwerk.Gewerbe<\/span><br \/>\n<span style=\"font-family: Arial, Helvetica, sans-serif; font-size: small;\">Carsten G\u00fclke<\/span><span style=\"color: #000000; font-family: Arial, Helvetica, sans-serif; font-size: small;\"><span style=\"color: #000000; font-family: Arial, Helvetica, sans-serif; font-size: small;\"><br \/>\nG\u00fclke Photovoltaik Gbr<br \/>\nLange Stra\u00dfe 26<br \/>\n31020 Salzhemmendorf<br \/>\nMail: c.guelke@markt-verein.de<br \/>\nEingetragen im Vereinsregister vom Amtsgericht Hannover \/ Registergericht.<br \/>\nVR Nummer: 100380<\/span><\/span><\/li>\n<\/ul>\n<p><span style=\"font-family: Arial, Helvetica, sans-serif; font-size: small;\"> Hosting:<\/span><\/p>\n<ul>\n<li><span style=\"color: #000000; font-family: Arial, Helvetica, sans-serif; font-size: small;\">futureshop Teichmann &amp; Reder OHG<br \/>\nLange Stra\u00dfe 12<br \/>\n31863 Coppenbr\u00fcgge \/ Bisperode<br \/>\nTelefon: 05159 9707<br \/>\nTelefax: 05159 9709<br \/>\nMail: info@futureshop.de<br \/>\nInternetadresse: <a href=\"http:\/\/www.futureshop.de\"> www.futureshop.de<\/a><\/span><\/li>\n<li>Content by WordPress<\/li>\n<li>Fotos (C) Karsten Reder, Christian G\u00f6ke, Henning Schr\u00f6der und privat<\/li>\n<\/ul>\n<h1 align=\"center\"><u><span style=\"font-size: large;\"><i>Disclaimer<\/i><\/span><\/u><i><u> <\/u><\/i><\/h1>\n<p style=\"margin-top: 0; margin-bottom: 0;\" align=\"left\"><span style=\"font-family: Arial, Helvetica, sans-serif; font-size: small; font-weight: bold;\"><br \/>\nHaftung f\u00fcr Inhalte<br \/>\n<\/span><\/p>\n<p style=\"margin-top: 0; margin-bottom: 0;\" align=\"left\"><span style=\"font-family: Arial, Helvetica, sans-serif; font-size: small;\">Als Diensteanbieter sind wir gem\u00e4\u00df \u00a7 7 Abs.1 TMG f\u00fcr eigene Inhalte auf diesen<br \/>\nSeiten nach den<\/span><span style=\"font-family: Arial, Helvetica, sans-serif; font-size: small;\"> allgemeinen Gesetzen verantwortlich. Nach \u00a7\u00a7 8 bis 10 TMG sind wir als<br \/>\nDiensteanbieter jedoch nicht<\/span><span style=\"font-family: Arial, Helvetica, sans-serif; font-size: small;\"> verpflichtet, \u00fcbermittelte oder gespeicherte fremde Informationen zu \u00fcberwachen oder nach<\/span><span style=\"font-family: Arial, Helvetica, sans-serif; font-size: small;\"> Umst\u00e4nden zu forschen, die auf eine rechtswidrige T\u00e4tigkeit hinweisen.<\/span><\/p>\n<p style=\"margin-top: 0; margin-bottom: 0;\" align=\"left\"><span style=\"font-family: Arial, Helvetica, sans-serif; font-size: small;\">Verpflichtungen zur Entfernung oder Sperrung der Nutzung von Informationen nach<br \/>\nden allgemeinen<\/span><span style=\"font-family: Arial, Helvetica, sans-serif; font-size: small;\"> Gesetzen bleiben hiervon unber\u00fchrt. Eine diesbez\u00fcgliche Haftung ist jedoch erst<br \/>\nab dem Zeitpunkt <\/span><span style=\"font-family: Arial, Helvetica, sans-serif; font-size: small;\">der Kenntnis einer konkreten Rechtsverletzung m\u00f6glich. Bei Bekanntwerden von<br \/>\nentsprechenden<\/span><span style=\"font-family: Arial, Helvetica, sans-serif; font-size: small;\"> Rechtsverletzungen werden wir diese Inhalte umgehend entfernen.<\/span><\/p>\n<p style=\"margin-top: 0; margin-bottom: 0;\" align=\"left\"><span style=\"font-family: Arial, Helvetica, sans-serif; font-size: small; font-weight: bold;\"><br \/>\nHaftung f\u00fcr Links<\/span><\/p>\n<p style=\"margin-top: 0; margin-bottom: 0;\" align=\"left\"><span style=\"font-family: Arial, Helvetica, sans-serif; font-size: small;\">Unser Angebot enth\u00e4lt Links zu externen Websites Dritter, auf deren Inhalte wir keinen<br \/>\nEinfluss <\/span><span style=\"font-family: Arial, Helvetica, sans-serif; font-size: small;\">haben. Deshalb k\u00f6nnen wir f\u00fcr diese fremden Inhalte auch keine Gew\u00e4hr \u00fcbernehmen. F\u00fcr die<\/span><span style=\"font-family: Arial, Helvetica, sans-serif; font-size: small;\"> Inhalte der verlinkten Seiten ist stets der jeweilige Anbieter oder Betreiber<br \/>\nder Seiten verantwortlich.<\/span><span style=\"font-family: Arial, Helvetica, sans-serif; font-size: small;\">Die verlinkten Seiten wurden zum Zeitpunkt der Verlinkung auf m\u00f6gliche<br \/>\nRechtsverst\u00f6\u00dfe \u00fcberpr\u00fcft.<\/span><span style=\"font-family: Arial, Helvetica, sans-serif; font-size: small;\"> Rechtswidrige Inhalte waren zum Zeitpunkt der Verlinkung nicht erkennbar.<\/span><span style=\"font-family: Arial, Helvetica, sans-serif; font-size: small;\">Eine permanente inhaltliche Kontrolle der verlinkten Seiten ist jedoch ohne konkrete<br \/>\nAnhaltspunkte <\/span><span style=\"font-family: Arial, Helvetica, sans-serif; font-size: small;\">einer Rechtsverletzung nicht zumutbar. Bei Bekanntwerden von Rechtsverletzungen werden wir<\/span><span style=\"font-family: Arial, Helvetica, sans-serif; font-size: small;\"> derartige Links umgehend entfernen.<\/span><\/p>\n<p style=\"margin-top: 0; margin-bottom: 0;\" align=\"left\"><span style=\"font-family: Arial, Helvetica, sans-serif; font-size: small; font-weight: bold;\"><br \/>\nUrheberrecht<br \/>\n<\/span><\/p>\n<p style=\"margin-top: 0; margin-bottom: 0;\" align=\"left\"><span style=\"font-family: Arial, Helvetica, sans-serif; font-size: small;\">Die durch die Seitenbetreiber erstellten Inhalte und Werke auf diesen Seiten<br \/>\nunterliegen dem<\/span><span style=\"font-family: Arial, Helvetica, sans-serif; font-size: small;\"> deutschen Urheberrecht. Die Vervielf\u00e4ltigung, Bearbeitung, Verbreitung und jede<br \/>\nArt der Verwertung<\/span><span style=\"font-family: Arial, Helvetica, sans-serif; font-size: small;\"> au\u00dferhalb der Grenzen des Urheberrechtes bed\u00fcrfen der schriftlichen Zustimmung des jeweiligen <\/span><span style=\"font-family: Arial, Helvetica, sans-serif; font-size: small;\">Autors bzw. Erstellers. Downloads und Kopien dieser Seite sind nur f\u00fcr den privaten, nicht<\/span><span style=\"font-family: Arial, Helvetica, sans-serif; font-size: small;\"> kommerziellen Gebrauch gestattet.<\/span><span style=\"font-family: Arial, Helvetica, sans-serif; font-size: small;\">Soweit die Inhalte auf dieser Seite nicht vom Betreiber erstellt wurden, werden die Urheberrechte<\/span><span style=\"font-family: Arial, Helvetica, sans-serif; font-size: small;\"> Dritter beachtet. Insbesondere werden Inhalte Dritter als solche gekennzeichnet. Sollten Sie<\/span><span style=\"font-family: Arial, Helvetica, sans-serif; font-size: small;\"> trotzdem auf eine Urheberrechtsverletzung aufmerksam werden, bitten wir um einen<\/span><span style=\"font-family: Arial, Helvetica, sans-serif; font-size: small;\"> entsprechenden Hinweis. Bei Bekanntwerden von Rechtsverletzungen werden wir derartige Inhalte<\/span><span style=\"font-family: Arial, Helvetica, sans-serif; font-size: small;\"> umgehend entfernen.<\/span><\/p>\n","protected":false},"excerpt":{"rendered":"<p>Impressum Inhaltliche Verantwortung: Marktverein am Ith e.V. Handel.Handwerk.Gewerbe Carsten G\u00fclke G\u00fclke Photovoltaik Gbr Lange Stra\u00dfe 26 31020 Salzhemmendorf Mail: c.guelke@markt-verein.de Eingetragen im Vereinsregister vom Amtsgericht Hannover \/ Registergericht. VR Nummer: 100380 Hosting: futureshop Teichmann &amp; Reder OHG Lange Stra\u00dfe 12 &hellip; <a href=\"https:\/\/www.markt-verein.de\/wordpress\/impressum\">Weiterlesen <span class=\"meta-nav\">&rarr;<\/span><\/a><\/p>\n","protected":false},"author":1,"featured_media":0,"parent":0,"menu_order":0,"comment_status":"closed","ping_status":"closed","template":"","meta":{"footnotes":""},"class_list":["post-21","page","type-page","status-publish","hentry"],"_links":{"self":[{"href":"https:\/\/www.markt-verein.de\/wordpress\/wp-json\/wp\/v2\/pages\/21","targetHints":{"allow":["GET"]}}],"collection":[{"href":"https:\/\/www.markt-verein.de\/wordpress\/wp-json\/wp\/v2\/pages"}],"about":[{"href":"https:\/\/www.markt-verein.de\/wordpress\/wp-json\/wp\/v2\/types\/page"}],"author":[{"embeddable":true,"href":"https:\/\/www.markt-verein.de\/wordpress\/wp-json\/wp\/v2\/users\/1"}],"replies":[{"embeddable":true,"href":"https:\/\/www.markt-verein.de\/wordpress\/wp-json\/wp\/v2\/comments?post=21"}],"version-history":[{"count":24,"href":"https:\/\/www.markt-verein.de\/wordpress\/wp-json\/wp\/v2\/pages\/21\/revisions"}],"predecessor-version":[{"id":577,"href":"https:\/\/www.markt-verein.de\/wordpress\/wp-json\/wp\/v2\/pages\/21\/revisions\/577"}],"wp:attachment":[{"href":"https:\/\/www.markt-verein.de\/wordpress\/wp-json\/wp\/v2\/media?parent=21"}],"curies":[{"name":"wp","href":"https:\/\/api.w.org\/{rel}","templated":true}]}}